{"id":15408,"date":"2018-03-13T13:11:13","date_gmt":"2018-03-13T13:11:13","guid":{"rendered":"http:\/\/fxxl.dwiedora.de\/?page_id=15408"},"modified":"2026-03-30T14:26:38","modified_gmt":"2026-03-30T12:26:38","slug":"startseite","status":"publish","type":"page","link":"https:\/\/www.fahrrad-xxl.de\/blog\/","title":{"rendered":"Startseite"},"content":{"rendered":"<section class=\"wpb-content-wrapper\"><p>[vc_row][vc_column width=&#8220;1\/1&#8243;][rev_slider_vc alias=&#8220;post&#8220;][\/vc_column][\/vc_row][vc_row top_padding=&#8220;30&#8243;][vc_column width=&#8220;1\/1&#8243;]<h1 class=\"headline font-special fontsize-xxl fontweight-500 lh-inherit align-center transform-inherit centeredline\" style=\"margin: 0 0 30px 0;\">NEWS | INTERESSANTES<\/h1><div class=\"latest-blog style-white\"\"><div class=\"blog-carousel\"><div class=\"blog-item\"><a href=\"https:\/\/www.fahrrad-xxl.de\/blog\/cube-bikes-neuheiten\/\" title=\"Cube Neuheiten 2026 &#8211; Alle Infos &#038; Highlights der neuen (E-)Bikes\" class=\"blog-pic\"><img src=\"https:\/\/www.fahrrad-xxl.de\/blog\/wp-content\/uploads\/2026\/03\/Cube_2025_30_04038-600x400.jpg\" alt=\"Cube Neuheiten 2026 &#8211; Alle Infos &#038; Highlights der neuen (E-)Bikes\" \/><span class=\"blog-overlay\"><\/span><i class=\"fa fa-align-left\"><\/i><\/a><div class=\"blog-item-description\">\n\t\t\t\t\t\t\t<h4><a href=\"https:\/\/www.fahrrad-xxl.de\/blog\/cube-bikes-neuheiten\/\" title=\"Cube Neuheiten 2026 &#8211; Alle Infos &#038; Highlights der neuen (E-)Bikes\">Cube Neuheiten 2026 &#8211; Alle Infos &#038; Highlights der neuen (E-)Bikes<\/a><\/h4>\n\t\t\t\t\t  \t\t<div>[vc_row][vc_column width=\"1\/1\"][vc_column_text]Kein kompletter Neustart, sondern eine clevere Weiterentwicklung: Cube 2026 setzt gezielt dort an, wo es wirklich einen Unterschied macht.\u00a0Die... <a class=\"read-more-link\" href=\"https:\/\/www.fahrrad-xxl.de\/blog\/cube-bikes-neuheiten\/\">weiterlesen  &rarr;<\/a><\/div>\n\t\t\t\t\t  \t\t<span>23. M\u00e4rz 2026<\/span>\n\t\t\t\t  \t\t<\/div><\/div><div class=\"blog-item\"><a href=\"https:\/\/www.fahrrad-xxl.de\/blog\/gravel-bike-test-kauftipps-testsieger\/\" title=\"Gravel Bike Test 2025 &#8211; Kauftipps, Testsieger &#038; mehr\" class=\"blog-pic\"><img src=\"https:\/\/www.fahrrad-xxl.de\/blog\/wp-content\/uploads\/2025\/03\/2508-Header-Blog-Gravel-Bike-Test-01-C-600x400.jpg\" alt=\"Gravel Bike Test 2025 &#8211; Kauftipps, Testsieger &#038; mehr\" \/><span class=\"blog-overlay\"><\/span><i class=\"fa fa-align-left\"><\/i><\/a><div class=\"blog-item-description\">\n\t\t\t\t\t\t\t<h4><a href=\"https:\/\/www.fahrrad-xxl.de\/blog\/gravel-bike-test-kauftipps-testsieger\/\" title=\"Gravel Bike Test 2025 &#8211; Kauftipps, Testsieger &#038; mehr\">Gravel Bike Test 2025 &#8211; Kauftipps, Testsieger &#038; mehr<\/a><\/h4>\n\t\t\t\t\t  \t\t<div>[vc_row][vc_column width=\"1\/1\"][vc_row_inner][vc_column_inner][vc_column_text]In einer Zeit, in der das Streben nach Abenteuern und Freiheit st\u00e4ndig w\u00e4chst, bieten Gravel Bikes die perfekte Schnittstelle... <a class=\"read-more-link\" href=\"https:\/\/www.fahrrad-xxl.de\/blog\/gravel-bike-test-kauftipps-testsieger\/\">weiterlesen  &rarr;<\/a><\/div>\n\t\t\t\t\t  \t\t<span>10. M\u00e4rz 2025<\/span>\n\t\t\t\t  \t\t<\/div><\/div><div class=\"blog-item\"><a href=\"https:\/\/www.fahrrad-xxl.de\/blog\/giant-anytour-x-e1-im-test\/\" title=\"Giant Anytour X E+1 im Test: Ein Allrounder f\u00fcr Alltag und Abenteuer\" class=\"blog-pic\"><img src=\"https:\/\/www.fahrrad-xxl.de\/blog\/wp-content\/uploads\/2025\/01\/Giant-Anytour-X-E1-Test-2-600x400.jpg\" alt=\"Giant Anytour X E+1 im Test: Ein Allrounder f\u00fcr Alltag und Abenteuer\" \/><span class=\"blog-overlay\"><\/span><i class=\"fa fa-align-left\"><\/i><\/a><div class=\"blog-item-description\">\n\t\t\t\t\t\t\t<h4><a href=\"https:\/\/www.fahrrad-xxl.de\/blog\/giant-anytour-x-e1-im-test\/\" title=\"Giant Anytour X E+1 im Test: Ein Allrounder f\u00fcr Alltag und Abenteuer\">Giant Anytour X E+1 im Test: Ein Allrounder f\u00fcr Alltag und Abenteuer<\/a><\/h4>\n\t\t\t\t\t  \t\t<div>[vc_row][vc_column width=\"1\/1\"][vc_column_text]Lange Wochenendtouren durch die Natur oder kurze Strecken in der Stadt - E-Bikes sind l\u00e4ngst mehr als nur ein... <a class=\"read-more-link\" href=\"https:\/\/www.fahrrad-xxl.de\/blog\/giant-anytour-x-e1-im-test\/\">weiterlesen  &rarr;<\/a><\/div>\n\t\t\t\t\t  \t\t<span>28. Januar 2025<\/span>\n\t\t\t\t  \t\t<\/div><\/div><div class=\"blog-item\"><a href=\"https:\/\/www.fahrrad-xxl.de\/blog\/die-besten-bikeparks-in-deutschland\/\" title=\"Die besten Bikeparks in Deutschland\" class=\"blog-pic\"><img src=\"https:\/\/www.fahrrad-xxl.de\/blog\/wp-content\/uploads\/2018\/12\/hqNUXK8w-600x400.jpeg\" alt=\"Die besten Bikeparks in Deutschland\" \/><span class=\"blog-overlay\"><\/span><i class=\"fa fa-align-left\"><\/i><\/a><div class=\"blog-item-description\">\n\t\t\t\t\t\t\t<h4><a href=\"https:\/\/www.fahrrad-xxl.de\/blog\/die-besten-bikeparks-in-deutschland\/\" title=\"Die besten Bikeparks in Deutschland\">Die besten Bikeparks in Deutschland<\/a><\/h4>\n\t\t\t\t\t  \t\t<div>[vc_row][vc_column width=\"1\/1\"][vc_column_text]Mountainbiking auf h\u00f6chstem Niveau erlebt man in den zahlreichen Bikeparks Deutschlands, die nicht nur mit Action und Nervenkitzel locken,... <a class=\"read-more-link\" href=\"https:\/\/www.fahrrad-xxl.de\/blog\/die-besten-bikeparks-in-deutschland\/\">weiterlesen  &rarr;<\/a><\/div>\n\t\t\t\t\t  \t\t<span>2. M\u00e4rz 2024<\/span>\n\t\t\t\t  \t\t<\/div><\/div><div class=\"blog-item\"><a href=\"https:\/\/www.fahrrad-xxl.de\/blog\/orbea-neuheiten\/\" title=\"Orbea Neuheiten 2024: Occam, Orca und Terra Modelle\" class=\"blog-pic\"><img src=\"https:\/\/www.fahrrad-xxl.de\/blog\/wp-content\/uploads\/2023\/02\/Orbea-Neuheiten-2024-600x400.jpg\" alt=\"Orbea Neuheiten 2024: Occam, Orca und Terra Modelle\" \/><span class=\"blog-overlay\"><\/span><i class=\"fa fa-align-left\"><\/i><\/a><div class=\"blog-item-description\">\n\t\t\t\t\t\t\t<h4><a href=\"https:\/\/www.fahrrad-xxl.de\/blog\/orbea-neuheiten\/\" title=\"Orbea Neuheiten 2024: Occam, Orca und Terra Modelle\">Orbea Neuheiten 2024: Occam, Orca und Terra Modelle<\/a><\/h4>\n\t\t\t\t\t  \t\t<div>[vc_row][vc_column width=\"1\/1\"][vc_column_text]Das Jahr 2024 steht f\u00fcr Orbea ganz im Zeichen der Innovation. Die neuesten Modelle Occam, Orca und Terra versprechen... <a class=\"read-more-link\" href=\"https:\/\/www.fahrrad-xxl.de\/blog\/orbea-neuheiten\/\">weiterlesen  &rarr;<\/a><\/div>\n\t\t\t\t\t  \t\t<span>5. Februar 2024<\/span>\n\t\t\t\t  \t\t<\/div><\/div><div class=\"blog-item\"><a href=\"https:\/\/www.fahrrad-xxl.de\/blog\/e-bike-test-vergleich\/\" title=\"E-Bike Test &#038; Vergleich 2023: Testsieger, Kauftipps &#038; mehr\" class=\"blog-pic\"><img src=\"https:\/\/www.fahrrad-xxl.de\/blog\/wp-content\/uploads\/2019\/05\/E-Bike-Testsieger-600x400.jpg\" alt=\"E-Bike Test &#038; Vergleich 2023: Testsieger, Kauftipps &#038; mehr\" \/><span class=\"blog-overlay\"><\/span><i class=\"fa fa-align-left\"><\/i><\/a><div class=\"blog-item-description\">\n\t\t\t\t\t\t\t<h4><a href=\"https:\/\/www.fahrrad-xxl.de\/blog\/e-bike-test-vergleich\/\" title=\"E-Bike Test &#038; Vergleich 2023: Testsieger, Kauftipps &#038; mehr\">E-Bike Test &#038; Vergleich 2023: Testsieger, Kauftipps &#038; mehr<\/a><\/h4>\n\t\t\t\t\t  \t\t<div>[vc_row][vc_column width=\"1\/1\"][vc_column_text] City\/Urban E-Bike Tests aus 2023 [\/vc_column_text][vc_column_text] Specialized Turbo Como SL 5.0 [\/vc_column_text][\/vc_column][\/vc_row][vc_row][vc_column width=\"1\/2\"][vc_column_text css_animation=\"none\"]Die... <a class=\"read-more-link\" href=\"https:\/\/www.fahrrad-xxl.de\/blog\/e-bike-test-vergleich\/\">weiterlesen  &rarr;<\/a><\/div>\n\t\t\t\t\t  \t\t<span>10. August 2023<\/span>\n\t\t\t\t  \t\t<\/div><\/div><\/div><\/div><div class=\"clear\"><\/div><div class=\"minti_boxedholder   clearfix\" style=\"padding: 0px 0px 0px 0px; margin: 20px 0px 20px 0px; \">[vc_column_text]<\/p>\n<p style=\"text-align: center;\"><a href=\"https:\/\/www.fahrrad-xxl.de\/blog\/news-interessantes\/\" target=\"_self\" class=\"button color-2 large \" style=\"border-radius: 2px;\"><i class='fa fa-angle-right'><\/i>Weitere Beitr\u00e4ge lesen<\/a>\n<p>[\/vc_column_text]<\/div>[\/vc_column][\/vc_row][vc_row type=&#8220;full_width_section&#8220; top_padding=&#8220;30&#8243;][vc_column width=&#8220;1\/1&#8243;]<div class=\"newdivider align-center\" style=\"border-bottom-style: solid; border-color: #eaeaea; border-bottom-width: 1px; margin-top: 0; margin-bottom: 0; width: 100%; \"><\/div><div class=\"clear\"><\/div>[\/vc_column][\/vc_row][vc_row][vc_column width=&#8220;1\/1&#8243;]<h1 class=\"headline font-special fontsize-xxl fontweight-500 lh-inherit align-center transform-inherit \" style=\"margin: 30px 0 30px 0;\">E-BIKE<\/h1><div class=\"latest-blog style-white\"\"><div class=\"blog-carousel\"><div class=\"blog-item\"><a href=\"https:\/\/www.fahrrad-xxl.de\/blog\/bosch-e-bike-neuheiten\/\" title=\"Bosch E-Bike Neuheiten 2025: Der Bosch Performance Line SX 2.0 Motor\" class=\"blog-pic\"><img src=\"https:\/\/www.fahrrad-xxl.de\/blog\/wp-content\/uploads\/2023\/07\/Bosch-Neuheiten-2024-600x400.jpg\" alt=\"Bosch E-Bike Neuheiten 2025: Der Bosch Performance Line SX 2.0 Motor\" \/><span class=\"blog-overlay\"><\/span><i class=\"fa fa-align-left\"><\/i><\/a><div class=\"blog-item-description\">\n\t\t\t\t\t\t\t<h4><a href=\"https:\/\/www.fahrrad-xxl.de\/blog\/bosch-e-bike-neuheiten\/\" title=\"Bosch E-Bike Neuheiten 2025: Der Bosch Performance Line SX 2.0 Motor\">Bosch E-Bike Neuheiten 2025: Der Bosch Performance Line SX 2.0 Motor<\/a><\/h4>\n\t\t\t\t\t  \t\t<div>[vc_row][vc_column width=\"1\/1\"][vc_column_text]2025 bringt Bosch frischen Wind in die E-Bike-Welt. Weniger Gewicht, mehr Reichweite und smarte Technik machen dein Bike nicht... <a class=\"read-more-link\" href=\"https:\/\/www.fahrrad-xxl.de\/blog\/bosch-e-bike-neuheiten\/\">weiterlesen  &rarr;<\/a><\/div>\n\t\t\t\t\t  \t\t<span>5. November 2024<\/span>\n\t\t\t\t  \t\t<\/div><\/div><div class=\"blog-item\"><a href=\"https:\/\/www.fahrrad-xxl.de\/blog\/gravel-e-bikes\/\" title=\"Die 8 besten E-Gravel Bikes 2024\" class=\"blog-pic\"><img src=\"https:\/\/www.fahrrad-xxl.de\/blog\/wp-content\/uploads\/2024\/07\/2431-Header-Blog-01-600x400.jpg\" alt=\"Die 8 besten E-Gravel Bikes 2024\" \/><span class=\"blog-overlay\"><\/span><i class=\"fa fa-align-left\"><\/i><\/a><div class=\"blog-item-description\">\n\t\t\t\t\t\t\t<h4><a href=\"https:\/\/www.fahrrad-xxl.de\/blog\/gravel-e-bikes\/\" title=\"Die 8 besten E-Gravel Bikes 2024\">Die 8 besten E-Gravel Bikes 2024<\/a><\/h4>\n\t\t\t\t\t  \t\t<div>[vc_row][vc_column width=\"1\/1\"][vc_column_text]E-Gravel Bikes sind der neueste Trend f\u00fcr alle, die abseits ausgetretener Pfade fahren wollen, ohne auf die Unterst\u00fctzung eines... <a class=\"read-more-link\" href=\"https:\/\/www.fahrrad-xxl.de\/blog\/gravel-e-bikes\/\">weiterlesen  &rarr;<\/a><\/div>\n\t\t\t\t\t  \t\t<span>29. Juli 2024<\/span>\n\t\t\t\t  \t\t<\/div><\/div><div class=\"blog-item\"><a href=\"https:\/\/www.fahrrad-xxl.de\/blog\/haibike-neuheiten\/\" title=\"Haibike-E-Bike-Neuheiten 2024: Haibike Hybe Light-E-MTB und weitere Highlights\" class=\"blog-pic\"><img src=\"https:\/\/www.fahrrad-xxl.de\/blog\/wp-content\/uploads\/2020\/08\/Haibike-Neuheiten-2023-Header-600x400.jpg\" alt=\"Haibike-E-Bike-Neuheiten 2024: Haibike Hybe Light-E-MTB und weitere Highlights\" \/><span class=\"blog-overlay\"><\/span><i class=\"fa fa-align-left\"><\/i><\/a><div class=\"blog-item-description\">\n\t\t\t\t\t\t\t<h4><a href=\"https:\/\/www.fahrrad-xxl.de\/blog\/haibike-neuheiten\/\" title=\"Haibike-E-Bike-Neuheiten 2024: Haibike Hybe Light-E-MTB und weitere Highlights\">Haibike-E-Bike-Neuheiten 2024: Haibike Hybe Light-E-MTB und weitere Highlights<\/a><\/h4>\n\t\t\t\t\t  \t\t<div>[vc_row][vc_column width=\"1\/1\"][vc_column_text] F\u00fcr das Modelljahr 2024 setzt Haibike auf die neuen Motoreninnovationen gro\u00dfer Hersteller wie Bosch und moderne Geometrien, die... <a class=\"read-more-link\" href=\"https:\/\/www.fahrrad-xxl.de\/blog\/haibike-neuheiten\/\">weiterlesen  &rarr;<\/a><\/div>\n\t\t\t\t\t  \t\t<span>30. Januar 2024<\/span>\n\t\t\t\t  \t\t<\/div><\/div><div class=\"blog-item\"><a href=\"https:\/\/www.fahrrad-xxl.de\/blog\/light-e-mtb-neuheiten\/\" title=\"Light E-MTB Neuheiten 2024: Die Leichtgewichte der Saison\" class=\"blog-pic\"><img src=\"https:\/\/www.fahrrad-xxl.de\/blog\/wp-content\/uploads\/2023\/11\/E-MTB-Neuheiten-600x400.jpg\" alt=\"Light E-MTB Neuheiten 2024: Die Leichtgewichte der Saison\" \/><span class=\"blog-overlay\"><\/span><i class=\"fa fa-align-left\"><\/i><\/a><div class=\"blog-item-description\">\n\t\t\t\t\t\t\t<h4><a href=\"https:\/\/www.fahrrad-xxl.de\/blog\/light-e-mtb-neuheiten\/\" title=\"Light E-MTB Neuheiten 2024: Die Leichtgewichte der Saison\">Light E-MTB Neuheiten 2024: Die Leichtgewichte der Saison<\/a><\/h4>\n\t\t\t\t\t  \t\t<div>[vc_row][vc_column width=\"1\/1\"][vc_column_text]Ein E-MTB kann nicht leicht sein \u2013 von wegen. In der aktuellen Saison zeigen die Fahrradhersteller, dass auch motorisierte... <a class=\"read-more-link\" href=\"https:\/\/www.fahrrad-xxl.de\/blog\/light-e-mtb-neuheiten\/\">weiterlesen  &rarr;<\/a><\/div>\n\t\t\t\t\t  \t\t<span>27. November 2023<\/span>\n\t\t\t\t  \t\t<\/div><\/div><div class=\"blog-item\"><a href=\"https:\/\/www.fahrrad-xxl.de\/blog\/e-bike-neuheiten\/\" title=\"E-Bike Neuheiten 2024: Trends und Highlights der Saison\" class=\"blog-pic\"><img src=\"https:\/\/www.fahrrad-xxl.de\/blog\/wp-content\/uploads\/2023\/02\/E-Bike-Neuheiten-2024-600x400.jpg\" alt=\"E-Bike Neuheiten 2024: Trends und Highlights der Saison\" \/><span class=\"blog-overlay\"><\/span><i class=\"fa fa-align-left\"><\/i><\/a><div class=\"blog-item-description\">\n\t\t\t\t\t\t\t<h4><a href=\"https:\/\/www.fahrrad-xxl.de\/blog\/e-bike-neuheiten\/\" title=\"E-Bike Neuheiten 2024: Trends und Highlights der Saison\">E-Bike Neuheiten 2024: Trends und Highlights der Saison<\/a><\/h4>\n\t\t\t\t\t  \t\t<div>[vc_row][vc_column width=\"1\/1\"][vc_column_text]Die Fahrradbranche ist immer noch in Bewegung! W\u00e4hrend die einen \u00fcber ganz neue Transportm\u00f6glichkeiten mit dem E-Bike nachdenken, versuchen... <a class=\"read-more-link\" href=\"https:\/\/www.fahrrad-xxl.de\/blog\/e-bike-neuheiten\/\">weiterlesen  &rarr;<\/a><\/div>\n\t\t\t\t\t  \t\t<span>6. November 2023<\/span>\n\t\t\t\t  \t\t<\/div><\/div><div class=\"blog-item\"><a href=\"https:\/\/www.fahrrad-xxl.de\/blog\/e-bike-test-vergleich\/\" title=\"E-Bike Test &#038; Vergleich 2023: Testsieger, Kauftipps &#038; mehr\" class=\"blog-pic\"><img src=\"https:\/\/www.fahrrad-xxl.de\/blog\/wp-content\/uploads\/2019\/05\/E-Bike-Testsieger-600x400.jpg\" alt=\"E-Bike Test &#038; Vergleich 2023: Testsieger, Kauftipps &#038; mehr\" \/><span class=\"blog-overlay\"><\/span><i class=\"fa fa-align-left\"><\/i><\/a><div class=\"blog-item-description\">\n\t\t\t\t\t\t\t<h4><a href=\"https:\/\/www.fahrrad-xxl.de\/blog\/e-bike-test-vergleich\/\" title=\"E-Bike Test &#038; Vergleich 2023: Testsieger, Kauftipps &#038; mehr\">E-Bike Test &#038; Vergleich 2023: Testsieger, Kauftipps &#038; mehr<\/a><\/h4>\n\t\t\t\t\t  \t\t<div>[vc_row][vc_column width=\"1\/1\"][vc_column_text] City\/Urban E-Bike Tests aus 2023 [\/vc_column_text][vc_column_text] Specialized Turbo Como SL 5.0 [\/vc_column_text][\/vc_column][\/vc_row][vc_row][vc_column width=\"1\/2\"][vc_column_text css_animation=\"none\"]Die... <a class=\"read-more-link\" href=\"https:\/\/www.fahrrad-xxl.de\/blog\/e-bike-test-vergleich\/\">weiterlesen  &rarr;<\/a><\/div>\n\t\t\t\t\t  \t\t<span>10. August 2023<\/span>\n\t\t\t\t  \t\t<\/div><\/div><\/div><\/div><div class=\"clear\"><\/div><div class=\"minti_boxedholder   clearfix\" style=\"padding: 0px 0px 0px 0px; margin: 20px 0px 20px 0px; \">[vc_column_text]<\/p>\n<p style=\"text-align: center;\"><a href=\"https:\/\/www.fahrrad-xxl.de\/blog\/e-bike\/\" target=\"_self\" class=\"button color-2 large \" style=\"border-radius: 2px;\"><i class='fa fa-angle-right'><\/i>Mehr zum Thema &#8222;E-Bike&#8220;<\/a>\n<p>[\/vc_column_text]<\/div>[\/vc_column][\/vc_row][vc_row type=&#8220;full_width_section&#8220; top_padding=&#8220;30&#8243;][vc_column width=&#8220;1\/1&#8243;]<div class=\"newdivider align-center\" style=\"border-bottom-style: solid; border-color: #eaeaea; border-bottom-width: 1px; margin-top: 0; margin-bottom: 0; width: 100%; \"><\/div><div class=\"clear\"><\/div>[\/vc_column][\/vc_row][vc_row][vc_column width=&#8220;1\/1&#8243;]<h1 class=\"headline font-special fontsize-xxl fontweight-500 lh-inherit align-center transform-inherit \" style=\"margin: 30px 0 30px 0;\">PRODUKTTESTS<\/h1><div class=\"latest-blog style-white\"\"><div class=\"blog-carousel\"><div class=\"blog-item\"><a href=\"https:\/\/www.fahrrad-xxl.de\/blog\/gravel-bike-test-kauftipps-testsieger\/\" title=\"Gravel Bike Test 2025 &#8211; Kauftipps, Testsieger &#038; mehr\" class=\"blog-pic\"><img src=\"https:\/\/www.fahrrad-xxl.de\/blog\/wp-content\/uploads\/2025\/03\/2508-Header-Blog-Gravel-Bike-Test-01-C-600x400.jpg\" alt=\"Gravel Bike Test 2025 &#8211; Kauftipps, Testsieger &#038; mehr\" \/><span class=\"blog-overlay\"><\/span><i class=\"fa fa-align-left\"><\/i><\/a><div class=\"blog-item-description\">\n\t\t\t\t\t\t\t<h4><a href=\"https:\/\/www.fahrrad-xxl.de\/blog\/gravel-bike-test-kauftipps-testsieger\/\" title=\"Gravel Bike Test 2025 &#8211; Kauftipps, Testsieger &#038; mehr\">Gravel Bike Test 2025 &#8211; Kauftipps, Testsieger &#038; mehr<\/a><\/h4>\n\t\t\t\t\t  \t\t<div>[vc_row][vc_column width=\"1\/1\"][vc_row_inner][vc_column_inner][vc_column_text]In einer Zeit, in der das Streben nach Abenteuern und Freiheit st\u00e4ndig w\u00e4chst, bieten Gravel Bikes die perfekte Schnittstelle... <a class=\"read-more-link\" href=\"https:\/\/www.fahrrad-xxl.de\/blog\/gravel-bike-test-kauftipps-testsieger\/\">weiterlesen  &rarr;<\/a><\/div>\n\t\t\t\t\t  \t\t<span>10. M\u00e4rz 2025<\/span>\n\t\t\t\t  \t\t<\/div><\/div><div class=\"blog-item\"><a href=\"https:\/\/www.fahrrad-xxl.de\/blog\/giant-anytour-x-e1-im-test\/\" title=\"Giant Anytour X E+1 im Test: Ein Allrounder f\u00fcr Alltag und Abenteuer\" class=\"blog-pic\"><img src=\"https:\/\/www.fahrrad-xxl.de\/blog\/wp-content\/uploads\/2025\/01\/Giant-Anytour-X-E1-Test-2-600x400.jpg\" alt=\"Giant Anytour X E+1 im Test: Ein Allrounder f\u00fcr Alltag und Abenteuer\" \/><span class=\"blog-overlay\"><\/span><i class=\"fa fa-align-left\"><\/i><\/a><div class=\"blog-item-description\">\n\t\t\t\t\t\t\t<h4><a href=\"https:\/\/www.fahrrad-xxl.de\/blog\/giant-anytour-x-e1-im-test\/\" title=\"Giant Anytour X E+1 im Test: Ein Allrounder f\u00fcr Alltag und Abenteuer\">Giant Anytour X E+1 im Test: Ein Allrounder f\u00fcr Alltag und Abenteuer<\/a><\/h4>\n\t\t\t\t\t  \t\t<div>[vc_row][vc_column width=\"1\/1\"][vc_column_text]Lange Wochenendtouren durch die Natur oder kurze Strecken in der Stadt - E-Bikes sind l\u00e4ngst mehr als nur ein... <a class=\"read-more-link\" href=\"https:\/\/www.fahrrad-xxl.de\/blog\/giant-anytour-x-e1-im-test\/\">weiterlesen  &rarr;<\/a><\/div>\n\t\t\t\t\t  \t\t<span>28. Januar 2025<\/span>\n\t\t\t\t  \t\t<\/div><\/div><div class=\"blog-item\"><a href=\"https:\/\/www.fahrrad-xxl.de\/blog\/die-besten-city-bikes-und-city-e-bikes-2024-im-test\/\" title=\"Die besten City-Bikes und City-E-Bikes 2024 im Test\" class=\"blog-pic\"><img src=\"https:\/\/www.fahrrad-xxl.de\/blog\/wp-content\/uploads\/2024\/08\/2434-Header-Blog-City-Bike-Test-03-600x400.jpg\" alt=\"Die besten City-Bikes und City-E-Bikes 2024 im Test\" \/><span class=\"blog-overlay\"><\/span><i class=\"fa fa-align-left\"><\/i><\/a><div class=\"blog-item-description\">\n\t\t\t\t\t\t\t<h4><a href=\"https:\/\/www.fahrrad-xxl.de\/blog\/die-besten-city-bikes-und-city-e-bikes-2024-im-test\/\" title=\"Die besten City-Bikes und City-E-Bikes 2024 im Test\">Die besten City-Bikes und City-E-Bikes 2024 im Test<\/a><\/h4>\n\t\t\t\t\t  \t\t<div>[vc_section][vc_row][vc_column width=\"1\/1\"][vc_column_text]Du suchst das perfekte City-Bike oder City-E-Bike f\u00fcr den urbanen Alltag? Du bist auf der richtigen Spur. Hier erf\u00e4hrst... <a class=\"read-more-link\" href=\"https:\/\/www.fahrrad-xxl.de\/blog\/die-besten-city-bikes-und-city-e-bikes-2024-im-test\/\">weiterlesen  &rarr;<\/a><\/div>\n\t\t\t\t\t  \t\t<span>26. August 2024<\/span>\n\t\t\t\t  \t\t<\/div><\/div><div class=\"blog-item\"><a href=\"https:\/\/www.fahrrad-xxl.de\/blog\/trekkingrad-test-kauftipps-testsieger\/\" title=\"Trekkingrad-Test 2024 \u2013 Kauftipps, Testsieger &#038; mehr\" class=\"blog-pic\"><img src=\"https:\/\/www.fahrrad-xxl.de\/blog\/wp-content\/uploads\/2024\/03\/2410-Header-Trekking-Test-Banner-02-600x400.jpg\" alt=\"Trekkingrad-Test 2024 \u2013 Kauftipps, Testsieger &#038; mehr\" \/><span class=\"blog-overlay\"><\/span><i class=\"fa fa-align-left\"><\/i><\/a><div class=\"blog-item-description\">\n\t\t\t\t\t\t\t<h4><a href=\"https:\/\/www.fahrrad-xxl.de\/blog\/trekkingrad-test-kauftipps-testsieger\/\" title=\"Trekkingrad-Test 2024 \u2013 Kauftipps, Testsieger &#038; mehr\">Trekkingrad-Test 2024 \u2013 Kauftipps, Testsieger &#038; mehr<\/a><\/h4>\n\t\t\t\t\t  \t\t<div>[vc_row][vc_column width=\"1\/1\"][vc_row_inner][vc_column_inner][vc_column_text] Spitzenplatzierungen f\u00fcr Kalkhoff, Ghost, Cube &amp; Co. Besonders gut traten Trekkingr\u00e4der von Ghost, Kalkhoff, Cube, Raymon und Giant... <a class=\"read-more-link\" href=\"https:\/\/www.fahrrad-xxl.de\/blog\/trekkingrad-test-kauftipps-testsieger\/\">weiterlesen  &rarr;<\/a><\/div>\n\t\t\t\t\t  \t\t<span>19. M\u00e4rz 2024<\/span>\n\t\t\t\t  \t\t<\/div><\/div><div class=\"blog-item\"><a href=\"https:\/\/www.fahrrad-xxl.de\/blog\/e-bike-test-vergleich\/\" title=\"E-Bike Test &#038; Vergleich 2023: Testsieger, Kauftipps &#038; mehr\" class=\"blog-pic\"><img src=\"https:\/\/www.fahrrad-xxl.de\/blog\/wp-content\/uploads\/2019\/05\/E-Bike-Testsieger-600x400.jpg\" alt=\"E-Bike Test &#038; Vergleich 2023: Testsieger, Kauftipps &#038; mehr\" \/><span class=\"blog-overlay\"><\/span><i class=\"fa fa-align-left\"><\/i><\/a><div class=\"blog-item-description\">\n\t\t\t\t\t\t\t<h4><a href=\"https:\/\/www.fahrrad-xxl.de\/blog\/e-bike-test-vergleich\/\" title=\"E-Bike Test &#038; Vergleich 2023: Testsieger, Kauftipps &#038; mehr\">E-Bike Test &#038; Vergleich 2023: Testsieger, Kauftipps &#038; mehr<\/a><\/h4>\n\t\t\t\t\t  \t\t<div>[vc_row][vc_column width=\"1\/1\"][vc_column_text] City\/Urban E-Bike Tests aus 2023 [\/vc_column_text][vc_column_text] Specialized Turbo Como SL 5.0 [\/vc_column_text][\/vc_column][\/vc_row][vc_row][vc_column width=\"1\/2\"][vc_column_text css_animation=\"none\"]Die... <a class=\"read-more-link\" href=\"https:\/\/www.fahrrad-xxl.de\/blog\/e-bike-test-vergleich\/\">weiterlesen  &rarr;<\/a><\/div>\n\t\t\t\t\t  \t\t<span>10. August 2023<\/span>\n\t\t\t\t  \t\t<\/div><\/div><div class=\"blog-item\"><a href=\"https:\/\/www.fahrrad-xxl.de\/blog\/fahrradsaettel-im-test-vergleich-2022-testsieger-kauftipps-mehr\/\" title=\"Fahrrads\u00e4ttel im Test &#038; Vergleich 2022: Testsieger, Kauftipps &#038; mehr\" class=\"blog-pic\"><img src=\"https:\/\/www.fahrrad-xxl.de\/blog\/wp-content\/uploads\/2022\/07\/Fahrradsattel-im-Test-600x400.jpg\" alt=\"Fahrrads\u00e4ttel im Test &#038; Vergleich 2022: Testsieger, Kauftipps &#038; mehr\" \/><span class=\"blog-overlay\"><\/span><i class=\"fa fa-align-left\"><\/i><\/a><div class=\"blog-item-description\">\n\t\t\t\t\t\t\t<h4><a href=\"https:\/\/www.fahrrad-xxl.de\/blog\/fahrradsaettel-im-test-vergleich-2022-testsieger-kauftipps-mehr\/\" title=\"Fahrrads\u00e4ttel im Test &#038; Vergleich 2022: Testsieger, Kauftipps &#038; mehr\">Fahrrads\u00e4ttel im Test &#038; Vergleich 2022: Testsieger, Kauftipps &#038; mehr<\/a><\/h4>\n\t\t\t\t\t  \t\t<div>[vc_row][vc_column width=\"1\/1\"][vc_row_inner][vc_column_inner][vc_column_text] Spitzenplatzierungen f\u00fcr SQlab-S\u00e4ttel sowie f\u00fcr die Brooks-S\u00e4ttel Besonders gut traten S\u00e4ttel der Hersteller SQlab und Brooks hervor. Sie... <a class=\"read-more-link\" href=\"https:\/\/www.fahrrad-xxl.de\/blog\/fahrradsaettel-im-test-vergleich-2022-testsieger-kauftipps-mehr\/\">weiterlesen  &rarr;<\/a><\/div>\n\t\t\t\t\t  \t\t<span>29. Juli 2022<\/span>\n\t\t\t\t  \t\t<\/div><\/div><\/div><\/div><div class=\"clear\"><\/div><div class=\"minti_boxedholder   clearfix\" style=\"padding: 0px 0px 0px 0px; margin: 20px 0px 20px 0px; \">[vc_column_text]<\/p>\n<p style=\"text-align: center;\"><a href=\"https:\/\/www.fahrrad-xxl.de\/blog\/produkttests\/\" target=\"_self\" class=\"button color-2 large \" style=\"border-radius: 2px;\"><i class='fa fa-angle-right'><\/i>Weiter zu den Produkttests<\/a>\n<p>[\/vc_column_text]<\/div>[\/vc_column][\/vc_row][vc_row][vc_column width=&#8220;1\/1&#8243;]<h1 class=\"headline font-special fontsize-xxl fontweight-500 lh-inherit align-center transform-inherit \" style=\"margin: 30px 0 30px 0;\">Unsere Autoren<\/h1>[\/vc_column][\/vc_row][vc_row][vc_column width=&#8220;1\/2&#8243;]<div class=\"flip\"><div class=\"iconbox index-autor iconbox-style-9 icon-color-accent color-dark card clearfix\"><div class=\"iconbox-box1 face front\"><table><tr><td><img alt=\"Wann ist ein Fahrrad leicht?\" src='https:\/\/www.fahrrad-xxl.de\/blog\/wp-content\/uploads\/2020\/04\/ake.png' class='iconimg' \/><h3>ANN-KRISTIN<\/h3><\/td><\/tr><\/table><\/div><div class=\"iconbox-box2 face back\"><table><tr><td><h3>ANN-KRISTIN<\/h3><p>\n<p style=\"text-align: center;\"><div class=\"divider divider1\" style='margin:0px 0px 10px 0px !important;'><\/div><ul class=\"display-posts-listing\"><li class=\"listing-item\"><a class=\"title\" href=\"https:\/\/www.fahrrad-xxl.de\/blog\/radentscheide-in-deutschland\/\">Radentscheide in Deutschland<\/a><\/li><li class=\"listing-item\"><a class=\"title\" href=\"https:\/\/www.fahrrad-xxl.de\/blog\/corona-virus-in-deutschland-updates-aus-der-fahrradwelt\/\">Corona Virus in Deutschland &#8211; Updates aus der Fahrradwelt<\/a><\/li><\/ul><a href=\"https:\/\/www.fahrrad-xxl.de\/blog\/author\/a-emdenfahrrad-xxl-de\/\" target=\"_self\" class=\"button color-8 small \" style=\"border-radius: 2px;\"><i class='fa fa-angle-right'><\/i>Alle Beitr\u00e4ge ansehen<\/a>\n<\/p><\/td><\/tr><\/table><\/div><\/div><\/div>[\/vc_column][vc_column width=&#8220;1\/2&#8243;]<div class=\"flip\"><div class=\"iconbox index-autor iconbox-style-9 icon-color-accent color-dark card clearfix\"><div class=\"iconbox-box1 face front\"><table><tr><td><img alt=\"Wann ist ein Fahrrad leicht?\" src='https:\/\/www.fahrrad-xxl.de\/blog\/wp-content\/uploads\/2018\/05\/sofia.png' class='iconimg' \/><h3>SOFIA<\/h3><\/td><\/tr><\/table><\/div><div class=\"iconbox-box2 face back\"><table><tr><td><h3>SOFIA<\/h3><p>\n<p style=\"text-align: center;\"><div class=\"divider divider1\" style='margin:0px 0px 10px 0px !important;'><\/div><ul class=\"display-posts-listing\"><li class=\"listing-item\"><a class=\"title\" href=\"https:\/\/www.fahrrad-xxl.de\/blog\/10-fahrrad-dokus-die-du-gesehen-haben-musst\/\">10 Fahrrad-Dokus, die du gesehen haben musst<\/a><\/li><li class=\"listing-item\"><a class=\"title\" href=\"https:\/\/www.fahrrad-xxl.de\/blog\/10-fahrradfilme-die-du-gesehen-haben-musst\/\">10 Fahrradfilme, die du gesehen haben musst!<\/a><\/li><\/ul><a href=\"https:\/\/www.fahrrad-xxl.de\/blog\/author\/s-gonzalezfahrrad-xxl-de\/\" target=\"_self\" class=\"button color-8 small \" style=\"border-radius: 2px;\"><i class='fa fa-angle-right'><\/i>Alle Beitr\u00e4ge ansehen<\/a>\n<\/p><\/td><\/tr><\/table><\/div><\/div><\/div>[\/vc_column][\/vc_row][vc_row top_padding=&#8220;40&#8243;][vc_column width=&#8220;1\/2&#8243;]<div class=\"flip\"><div class=\"iconbox index-autor iconbox-style-9 icon-color-accent color-dark card clearfix\"><div class=\"iconbox-box1 face front\"><table><tr><td><img alt=\"Wann ist ein Fahrrad leicht?\" src='https:\/\/www.fahrrad-xxl.de\/blog\/wp-content\/uploads\/2019\/05\/wolfgang.png' class='iconimg' \/><h3>WOLFGANG<\/h3><\/td><\/tr><\/table><\/div><div class=\"iconbox-box2 face back\"><table><tr><td><h3>WOLFGANG<\/h3><p>\n<p style=\"text-align: center;\"><div class=\"divider divider1\" style='margin:0px 0px 10px 0px !important;'><\/div><ul class=\"display-posts-listing\"><li class=\"listing-item\"><a class=\"title\" href=\"https:\/\/www.fahrrad-xxl.de\/blog\/e-bike-ladestation\/\">E-Bike Ladestation &#038; Tankstelle &#8211; das E-Bike unterwegs aufladen<\/a><\/li><li class=\"listing-item\"><a class=\"title\" href=\"https:\/\/www.fahrrad-xxl.de\/blog\/bekommt-der-hinterradmotor-seine-zweite-chance\/\">Bekommt der Hinterradmotor seine zweite Chance?<\/a><\/li><\/ul><a href=\"https:\/\/www.fahrrad-xxl.de\/blog\/author\/wolfgang-pollner\/\" target=\"_self\" class=\"button color-8 small \" style=\"border-radius: 2px;\"><i class='fa fa-angle-right'><\/i>Alle Beitr\u00e4ge ansehen<\/a>\n<\/p><\/td><\/tr><\/table><\/div><\/div><\/div>[\/vc_column][vc_column width=&#8220;1\/2&#8243;]<div class=\"flip\"><div class=\"iconbox index-autor iconbox-style-9 icon-color-accent color-dark card clearfix\"><div class=\"iconbox-box1 face front\"><table><tr><td><img alt=\"Wann ist ein Fahrrad leicht?\" src='https:\/\/www.fahrrad-xxl.de\/blog\/wp-content\/uploads\/2018\/05\/sascha.png' class='iconimg' \/><h3>SASCHA<\/h3><\/td><\/tr><\/table><\/div><div class=\"iconbox-box2 face back\"><table><tr><td><h3>SASCHA<\/h3><p>\n<p style=\"text-align: center;\"><div class=\"divider divider1\" style='margin:0px 0px 10px 0px !important;'><\/div><ul class=\"display-posts-listing\"><li class=\"listing-item\"><a class=\"title\" href=\"https:\/\/www.fahrrad-xxl.de\/blog\/mit-dem-e-bike-durch-herbst-und-winter\/\">Mit dem E-Bike durch Herbst und Winter<\/a><\/li><li class=\"listing-item\"><a class=\"title\" href=\"https:\/\/www.fahrrad-xxl.de\/blog\/wann-ist-ein-fahrrad-leicht\/\">Wann ist ein Fahrrad leicht?<\/a><\/li><\/ul><a href=\"https:\/\/www.fahrrad-xxl.de\/blog\/author\/s-starkerfahrrad-xxl-de\/\" target=\"_self\" class=\"button color-8 small \" style=\"border-radius: 2px;\"><i class='fa fa-angle-right'><\/i>Alle Beitr\u00e4ge ansehen<\/a>\n<\/p><\/td><\/tr><\/table><\/div><\/div><\/div>[\/vc_column][\/vc_row][vc_row type=&#8220;full_width_section&#8220; top_padding=&#8220;50&#8243;][vc_column width=&#8220;1\/1&#8243;]<div class=\"newdivider align-center\" style=\"border-bottom-style: solid; border-color: #eaeaea; border-bottom-width: 1px; margin-top: 0; margin-bottom: 0; width: 100%; \"><\/div><div class=\"clear\"><\/div>[\/vc_column][\/vc_row][vc_row bottom_padding=&#8220;50&#8243;][vc_column width=&#8220;1\/1&#8243;]<h1 class=\"headline font-special fontsize-xxl fontweight-500 lh-inherit align-center transform-inherit \" style=\"margin: 30px 0 0px 0;\">Social Wall<\/h1>[vc_column_text]<\/p>\n<div id=\"shortcode-1\" class=\"section shortcode-section active-section\" data-tab=\"shortcode\">\n<p class=\"shortcode\"><link rel='stylesheet' id='ff-dynamic-css1' type='text\/css' href='https:\/\/www.fahrrad-xxl.de\/blog\/wp-content\/resources\/flow-flow\/css\/stream-id1.css?ver=1742809216'\/><!-- Flow-Flow \u2014 Social stream plugin for WordPress -->\n<div class=\"ff-stream\" data-plugin=\"flow_flow\" id=\"ff-stream-1\"><span class=\"ff-loader\"><span class=\"ff-square\" ><\/span><span class=\"ff-square\"><\/span><span class=\"ff-square ff-last\"><\/span><span class=\"ff-square ff-clear\"><\/span><span class=\"ff-square\"><\/span><span class=\"ff-square ff-last\"><\/span><span class=\"ff-square ff-clear\"><\/span><span class=\"ff-square\"><\/span><span class=\"ff-square ff-last\"><\/span><\/span><\/div>\n<svg aria-hidden=\"true\" style=\"position: absolute; width: 0; height: 0; overflow: hidden;\" version=\"1.1\"><defs><symbol id=\"ff-icon-heart\" viewBox=\"0 0 48 48\"><path d=\"M34.6 3.1c-4.5 0-7.9 1.8-10.6 5.6-2.7-3.7-6.1-5.5-10.6-5.5C6 3.1 0 9.6 0 17.6c0 7.3 5.4 12 10.6 16.5.6.5 1.3 1.1 1.9 1.7l2.3 2c4.4 3.9 6.6 5.9 7.6 6.5.5.3 1.1.5 1.6.5s1.1-.2 1.6-.5c1-.6 2.8-2.2 7.8-6.8l2-1.8c.7-.6 1.3-1.2 2-1.7C42.7 29.6 48 25 48 17.6c0-8-6-14.5-13.4-14.5z\"><\/path><\/symbol><\/defs><\/svg>\n<script type=\"text\/javascript\" class=\"ff-stream-inline-js\" id=\"ff-stream-inline-js-1\">\n\n    (function () {\n        var timer, abortTimer;\n\n        timer = setInterval( function() {\n            if ( window.jQuery ) {\n                clearInterval( timer );\n                afterContentArrived( window.jQuery );\n            }\n        }, 67);\n\n        abortTimer = setTimeout( function () {\n\n            if ( !window.jQuery ) {\n                clearInterval( timer );\n                console.log('FLOW-FLOW DEBUG MESSAGE: No jQuery on page, please make sure it is loaded because jQuery is plugin requirement');\n            }\n        }, 20000);\n\n        function afterContentArrived ( $ ) {\n\n            \"use strict\";\n\n            var hash = '1771216966.89a6b564ef35875a47da1cb55e65403a5fec05604b2229eae8c9b1cde798ead0b51e3cf6731629b9c4643acf09b4dd7f';\n\n            var opts = window.FlowFlowOpts || {\"streams\":{},\"open_in_new\":\"yep\",\"filter_all\":\"Alle\",\"filter_search\":\"Suchen\",\"expand_text\":\"Erweitern\",\"collapse_text\":\"Reduzieren\",\"posted_on\":\"Ver\\u00f6ffentlicht auf\",\"followers\":\"Followers\",\"following\":\"Following\",\"posts\":\"Posts\",\"show_more\":\"Mehr anzeigen\",\"date_style\":\"wpStyleDate\",\"dates\":{\"Yesterday\":\"Gestern\",\"s\":\"s\",\"m\":\"m\",\"h\":\"h\",\"ago\":\"her\",\"months\":[\"Jan\",\"Feb\",\"M\\u00e4rz\",\"April\",\"Mai\",\"Juni\",\"Juli\",\"Aug\",\"Sep\",\"Okt\",\"Nov\",\"Dez\"]},\"lightbox_navigate\":\"Navigiere mit den Pfeiltasten\",\"view_on\":\"View on\",\"view_on_site\":\"View on site\",\"view_all\":\"View all\",\"comments\":\"comments\",\"scroll\":\"Scroll for more\",\"no_comments\":\"No comments yet.\",\"check_comments\":\"Check all comments\",\"be_first\":\"Be the first!\",\"loading\":\"Loading\",\"server_time\":1777805474,\"forceHTTPS\":\"nope\",\"isAdmin\":false,\"ajaxurl\":\"https:\\\/\\\/www.fahrrad-xxl.de\\\/blog\\\/wp-admin\\\/admin-ajax.php\",\"isLog\":false,\"plugin_base\":\"https:\\\/\\\/www.fahrrad-xxl.de\\\/blog\\\/wp-content\\\/plugins\\\/flow-flow\",\"plugin_ver\":\"4.9.0\",\"domain\":\"www.fahrrad-xxl.de\",\"token\":\"\"};\n\n            var isLS = isLocalStorageNameSupported();\n\n            var FF_resource = window.FF_resource ||\n                {\n                    scriptDeferred: $.Deferred(),\n                    styleDeferred:  $.Deferred(),\n                    scriptLoading: false,\n                    styleLoading: false\n                };\n\n            if ( !window.FF_resource ) window.FF_resource = FF_resource;\n            if ( !window.FlowFlowOpts ) window.FlowFlowOpts = opts;\n\n\t        \n            var data = {\n                'shop': 'www.fahrrad-xxl.de',\n                'action': 'fetch_posts',\n                'stream-id': '1',\n                'disable-cache': '',\n                'hash': hash,\n                'page': '0',\n                'preview': '0',\n                'token':  '',\n                'boosted': '0'\n            };\n\n            var isMobile = \/android|blackBerry|iphone|ipad|ipod|opera mini|iemobile\/i.test( navigator.userAgent );\n\n            var streamOpts = {\"name\":\"Social Wall\",\"cloud\":\"nope\",\"mod\":\"nope\",\"order\":\"smartCompare\",\"posts\":\"30\",\"page-posts\":\"8\",\"cache\":\"yep\",\"cache_lifetime\":\"10\",\"gallery\":\"yep\",\"gallery-type\":\"classic\",\"private\":\"nope\",\"hide-on-desktop\":\"nope\",\"hide-on-mobile\":\"nope\",\"max-res\":\"nope\",\"show-only-media-posts\":\"nope\",\"titles\":\"nope\",\"hidemeta\":\"yep\",\"hidetext\":\"nope\",\"headingcolor\":\"rgb(59, 61, 64)\",\"subheadingcolor\":\"rgb(114, 112, 114)\",\"hhalign\":\"center\",\"bgcolor\":\"rgb(240, 240, 240)\",\"filter\":\"yep\",\"filtercolor\":\"rgb(205, 205, 205)\",\"mobileslider\":\"nope\",\"viewportin\":\"yep\",\"width\":\"260\",\"margin\":\"20\",\"layout\":\"grid\",\"theme\":\"classic\",\"gc-style\":\"style-1\",\"upic-pos\":\"timestamp\",\"upic-style\":\"square\",\"bradius\":\"15\",\"icon-style\":\"label1\",\"icon-col\":\"colored\",\"cardcolor\":\"rgb(255, 255, 255)\",\"namecolor\":\"rgb(59, 61, 64)\",\"textcolor\":\"rgb(131, 141, 143)\",\"linkscolor\":\"rgb(94, 159, 202)\",\"restcolor\":\"rgb(132, 118, 129)\",\"shadow\":\"rgba(0, 0, 0, 0.05)\",\"bcolor\":\"rgba(0, 0, 0, 0.75)\",\"talign\":\"left\",\"icons-style\":\"outline\",\"cards-num\":\"3\",\"scrolltop\":\"yep\",\"c-desktop\":\"4\",\"c-laptop\":\"4\",\"c-tablet-l\":\"4\",\"c-tablet-p\":\"2\",\"c-smart-l\":\"2\",\"c-smart-p\":\"1\",\"s-desktop\":\"15\",\"s-laptop\":\"15\",\"s-tablet-l\":\"10\",\"s-tablet-p\":\"10\",\"s-smart-l\":\"5\",\"s-smart-p\":\"5\",\"m-c-desktop\":\"5\",\"m-c-laptop\":\"4\",\"m-c-tablet-l\":\"3\",\"m-c-tablet-p\":\"2\",\"m-c-smart-l\":\"2\",\"m-c-smart-p\":\"1\",\"m-s-desktop\":\"15\",\"m-s-laptop\":\"15\",\"m-s-tablet-l\":\"10\",\"m-s-tablet-p\":\"10\",\"m-s-smart-l\":\"5\",\"m-s-smart-p\":\"5\",\"j-h-desktop\":\"260\",\"j-h-laptop\":\"240\",\"j-h-tablet-l\":\"220\",\"j-h-tablet-p\":\"200\",\"j-h-smart-l\":\"180\",\"j-h-smart-p\":\"160\",\"j-s-desktop\":\"0\",\"j-s-laptop\":\"0\",\"j-s-tablet-l\":\"0\",\"j-s-tablet-p\":\"0\",\"j-s-smart-l\":\"0\",\"j-s-smart-p\":\"0\",\"c-r-desktop\":\"2\",\"c-r-laptop\":\"2\",\"c-r-tablet-l\":\"2\",\"c-r-tablet-p\":\"2\",\"c-r-smart-l\":\"1\",\"c-r-smart-p\":\"1\",\"c-c-desktop\":\"5\",\"c-c-laptop\":\"4\",\"c-c-tablet-l\":\"3\",\"c-c-tablet-p\":\"3\",\"c-c-smart-l\":\"3\",\"c-c-smart-p\":\"3\",\"c-s-desktop\":\"0\",\"c-s-laptop\":\"0\",\"c-s-tablet-l\":\"0\",\"c-s-tablet-p\":\"0\",\"c-s-smart-l\":\"0\",\"c-s-smart-p\":\"0\",\"c-autoplay\":\"\",\"c-arrows-always\":\"yep\",\"c-arrows-mob\":\"nope\",\"c-dots\":\"yep\",\"c-dots-mob\":\"nope\",\"wallwidth\":\"\",\"wallvm\":\"20\",\"wallhm\":\"0\",\"wallcomments\":\"yep\",\"g-ratio-w\":\"2\",\"g-ratio-h\":\"3\",\"g-ratio-img\":\"1\\\/2\",\"g-overlay\":\"nope\",\"m-overlay\":\"nope\",\"template\":[\"header\",\"text\",\"image\",\"meta\"],\"tv\":\"nope\",\"tv-int\":\"5\",\"big\":\"nope\",\"id\":\"1\",\"moderation\":\"nope\",\"last_changes\":1742809216,\"status\":\"0\",\"feeds\":[{\"id\":\"ac92856\",\"errors\":[],\"status\":\"1\",\"enabled\":\"yep\",\"last_update\":\"Mai 3 10:40\",\"cache_lifetime\":\"60\",\"system_enabled\":\"1\",\"boosted\":\"nope\",\"timeline-type\":\"user_timeline\",\"content\":\"FahrradXXLde\",\"playlist-order\":\"nope\",\"posts\":\"10\",\"mod\":\"nope\",\"type\":\"youtube\",\"include\":\"\",\"filter-by-words\":\"\"},{\"id\":\"gq53968\",\"errors\":[{\"url\":\"https:\\\/\\\/graph.facebook.com\\\/v7.0\\\/me\\\/accounts%3faccess_token=\",\"message\":\"An active access token must be used to query information about the current user.\",\"type\":\"instagram\"}],\"status\":\"0\",\"enabled\":\"nope\",\"last_update\":\"N\\\/A\",\"cache_lifetime\":\"1440\",\"system_enabled\":\"0\",\"boosted\":\"nope\",\"timeline-type\":\"user_timeline\",\"content\":\"FahrradXXL\",\"api-type\":\"official2\",\"posts\":\"10\",\"mod\":\"nope\",\"mod-approve\":\"nope\",\"type\":\"instagram\",\"include\":\"\",\"filter-by-words\":\"\",\"page\":\"1\"}],\"preview\":false};\n            var ads = false;\n\t        streamOpts.shop = data.shop;\n            streamOpts.plugin = 'flow_flow';\n            streamOpts.trueLayout = streamOpts.layout;\n\n            \/*we will modify 'grid' layout to get 'carousel' layout*\/\n            if ( streamOpts.layout == 'carousel' ) {\n                streamOpts['layout'] = 'grid';\n                streamOpts['g-ratio-h'] = \"1\";\n                streamOpts['g-ratio-img'] = \"1\/2\";\n                streamOpts['g-ratio-w'] = \"1\";\n                streamOpts['g-overlay'] = \"yep\";\n                streamOpts['c-overlay'] = \"yep\";\n                streamOpts['s-desktop'] = \"0\";\n                streamOpts['s-laptop'] = \"0\";\n                streamOpts['s-smart-l'] = \"0\";\n                streamOpts['s-smart-p'] = \"0\";\n                streamOpts['s-tablet-l'] = \"0\";\n                streamOpts['s-tablet-p'] = \"0\";\n            }\n            else if ( streamOpts.layout == 'list' ) {  \/*the same with list, we only need news feed style*\/\n                streamOpts['layout'] = 'masonry';\n            }\n\n\t        if ( ads ) streamOpts.ads = ads;\n\n            opts.streams['stream' + streamOpts.id] = streamOpts;\n\n            var $cont = $(\"[data-plugin='flow_flow']#ff-stream-\"+data['stream-id']);\n            var ajaxDeferred;\n            var script, style;\n            var layout_pre = streamOpts.layout.charAt(0);\n            var isOverlay = layout_pre === 'j' || streamOpts[layout_pre + '-overlay'] === 'yep' && streamOpts.trueLayout !== 'list';\n            var imgIndex;\n            if (isOverlay) {\n                if (streamOpts.template[0] !== 'image') {\n                    for (var i = 0, len = streamOpts.template.length; i < len; i++) {\n                        if (streamOpts.template[i] === 'image') imgIndex = i;\n                    }\n                    streamOpts.template.splice(0, 0, streamOpts.template.splice(imgIndex, 1)[0]);\n                }\n                streamOpts.isOverlay = true;\n            };\n            if (FF_resource.scriptDeferred.state() === 'pending' && !FF_resource.scriptLoading) {\n                script = document.createElement('script');\n                script.src = \"https:\/\/www.fahrrad-xxl.de\/blog\/wp-content\/plugins\/flow-flow\/js\/public.js?ver=4.9.0\";\n                script.onload = function( script, textStatus ) {\n                    FF_resource.scriptDeferred.resolve();\n                };\n                document.body.appendChild(script);\n                FF_resource.scriptLoading = true;\n            };\n            if (FF_resource.styleDeferred.state() === 'pending' && !FF_resource.styleLoading) {\n                style = document.createElement('link');\n                style.type = \"text\/css\";\n                style.id = \"ff_style\";\n                style.rel = \"stylesheet\";\n                style.href = \"https:\/\/www.fahrrad-xxl.de\/blog\/wp-content\/plugins\/flow-flow\/css\/public.css?ver=4.9.0\";\n                style.media = \"screen\";\n                style.onload = function( script, textStatus ) {\n                    FF_resource.styleDeferred.resolve();\n                };\n                document.getElementsByTagName(\"head\")[0].appendChild(style);\n                FF_resource.styleLoading = true;\n            }\n            $cont.addClass('ff-layout-' + streamOpts.trueLayout);\n            if (!isMobile && streamOpts.trueLayout !== 'carousel') $cont.css('minHeight', '500px');\n            ajaxDeferred = isLS && sessionStorage.getItem(hash) ? {} : $.get(opts.ajaxurl, data)\n;\n            $.when( ajaxDeferred, FF_resource.scriptDeferred, FF_resource.styleDeferred ).done(function ( data ) {\n                var response, $errCont, err;\n                var moderation = 0;\n                var original = (isLS && sessionStorage.getItem(hash)) ? JSON.parse( sessionStorage.getItem(hash) ) : data[0];\n                try {\n                    \/* response = JSON.parse(original); *\/\n                    response = original; \/* since 4.1 *\/\n                } catch (e) {\n                    window.console && window.console.log('Flow-Flow gets invalid data from server');\n                    if (opts.isAdmin || opts.isLog) {\n\t                    $errCont = $('<' + 'div class=\"ff-errors\"><' + 'div class=\"ff-disclaim\">If you see this message then you have administrator permissions and Flow-Flow got invalid data from server. Please provide error message below if you are doing support request.<' + '\/div><' + 'div class=\"ff-err-info\"><'+'\/div><'+'\/div>');\n\t                    $cont.before($errCont);\n                        $errCont.find('.ff-err-info').html(original == '' ? 'Empty response from server' : original);\n                    }\n                    return;\n                }\n\n                if ( ! response ) {\n                \tconsole.log( 'FLOW-FLOW: null response from server' );\n                \treturn;\n                }\n\n                \/\/ injecting ads for cloud streams\n                if ( ads ) {\n\n                \tvar newArr = [];\n\n                \tvar post, ad;\n\n                \tfor ( var i = 0, len = response.items.length; i < len; i++ ) {\n\n\t\t                post = response.items[ i ];\n\n                \t\tif ( ads[ i ] ) {\n\n                \t\t\tad = ads[ i ];\n                            ad.id = 'ad_el_' + ad.id;\n                            newArr.push ( ad );\n\n\t\t\t                delete ads[ i ];\n                        }\n\n                        newArr.push( post );\n                    }\n\n                    response.items = newArr;\n                }\n\n                opts.streams['stream' + streamOpts.id]['items'] = response;\n                if (!FlowFlowOpts.dependencies) FlowFlowOpts.dependencies = {};\n                \n                FlowFlow.extensionResourcesRequests = FlowFlow.extensionResourcesRequests || [];\n                var request, extension, style;\n\n                for ( extension in FlowFlowOpts.dependencies ) {\n                    if ( FlowFlowOpts.dependencies[extension] && FlowFlowOpts.dependencies[extension] !== 'loaded') {\n                        request = $.getScript( opts.plugin_base + '-' + extension + '\/js\/ff_' + extension + '_public.js?ver=4.9.0');\n                        FlowFlow.extensionResourcesRequests.push(request);\n\n                        style = document.createElement('link');\n                        style.type = \"text\/css\";\n                        style.rel = \"stylesheet\";\n                        style.id = \"ff_ad_style\";\n                        style.href = opts.plugin_base + '-' + extension + '\/css\/ff_' + extension + '_public.css?ver=4.9.0';\n                        style.media = \"screen\";\n                        document.getElementsByTagName(\"head\")[0].appendChild(style);\n\n                        FlowFlowOpts.dependencies[extension] = 'loaded';\n                    }\n                }\n\n                var resourcesLoaded = $.when.apply($, FlowFlow.extensionResourcesRequests);\n\n                resourcesLoaded.done(function(){\n                    var $stream, width;\n                    console.log('FLOW-FLOW data', response);\n\n                    $stream = FlowFlow.buildStreamWith(response, streamOpts, moderation, FlowFlowOpts.dependencies);\n\n                    if (isLS && response.items.length > 0 && response.hash.length > 0) sessionStorage.setItem(  response.hash , JSON.stringify( original ));\n\n                    var num = streamOpts.layout === 'compact' || (streamOpts.mobileslider === 'yep' && isMobile)? (streamOpts.mobileslider === 'yep' ? 3 : streamOpts['cards-num']) : false;\n\n                    $cont.append( $stream );\n\n                    if ( typeof $stream !== 'string' ) {\n                        FlowFlow.setupGrid($cont.find('.ff-stream-wrapper'), num, streamOpts.scrolltop === 'yep', streamOpts.gallery === 'yep', streamOpts, $cont);\n                    }\n\n                    setTimeout(function(){\n                        $cont.find('.ff-header').removeClass('ff-loading').end().find('.ff-loader').addClass('ff-squeezed').delay(300).hide();\n                    }, 0);\n\n                    \n                }).fail(function(){\n                    console.log('Flow-Flow: resource loading failed');\n                });\n\n                var isErr = response.status === \"errors\";\n                if ((opts.isAdmin || opts.isLog) && isErr) {\n\t                $errCont = $('<'+'div class=\"ff-errors\"><'+'div class=\"ff-err-info\">If you see this then you are administrator and Flow-Flow got errors from APIs while requesting data. Please go to plugin admin and after refreshing page check for error(s) on stream settings page. Please provide error message info if you are doing support request.<'+'\/div><'+'\/div>');\n\t                $cont.before($errCont);\n                }\n            });\n\n            function isLocalStorageNameSupported() {\n                var testKey = 'test', storage = window.sessionStorage;\n                try {\n                    storage.setItem(testKey, '1');\n                    storage.removeItem(testKey);\n                    return true;\n                } catch (error) {\n                    return false;\n                }\n            };\n\n            return false;\n        }\n    })()\n\n<\/script>\n<!-- Flow-Flow \u2014 Social streams plugin for Wordpress --><\/p>\n<\/div>\n<div class=\"section footer\">\n<div class=\"width-wrapper\">\n<div class=\"ff-table\"><\/div>\n<\/div>\n<\/div>\n<p>[\/vc_column_text][\/vc_column][\/vc_row]<\/p>\n\n\n<div class=\"kk-star-ratings kksr-auto kksr-align-left kksr-valign-bottom\"\n    data-payload='{&quot;align&quot;:&quot;left&quot;,&quot;id&quot;:&quot;24553&quot;,&quot;slug&quot;:&quot;default&quot;,&quot;valign&quot;:&quot;bottom&quot;,&quot;ignore&quot;:&quot;&quot;,&quot;reference&quot;:&quot;auto&quot;,&quot;class&quot;:&quot;&quot;,&quot;count&quot;:&quot;3&quot;,&quot;legendonly&quot;:&quot;&quot;,&quot;readonly&quot;:&quot;&quot;,&quot;score&quot;:&quot;5&quot;,&quot;best&quot;:&quot;5&quot;,&quot;gap&quot;:&quot;5&quot;,&quot;greet&quot;:&quot;Rate this post&quot;,&quot;legend&quot;:&quot;5\\\/5 - (3 votes)&quot;,&quot;size&quot;:&quot;22&quot;,&quot;width&quot;:&quot;132.5&quot;,&quot;_legend&quot;:&quot;{score}\\\/{best} - ({count} {votes})&quot;,&quot;font_factor&quot;:&quot;1.25&quot;}'>\n            \n<div class=\"kksr-stars\">\n    \n<div class=\"kksr-stars-inactive\">\n            <div class=\"kksr-star\" data-star=\"1\" style=\"padding-right: 5px\">\n            \n\n<div class=\"kksr-icon\" style=\"width: 22px; height: 22px;\"><\/div>\n        <\/div>\n            <div class=\"kksr-star\" data-star=\"2\" style=\"padding-right: 5px\">\n            \n\n<div class=\"kksr-icon\" style=\"width: 22px; height: 22px;\"><\/div>\n        <\/div>\n            <div class=\"kksr-star\" data-star=\"3\" style=\"padding-right: 5px\">\n            \n\n<div class=\"kksr-icon\" style=\"width: 22px; height: 22px;\"><\/div>\n        <\/div>\n            <div class=\"kksr-star\" data-star=\"4\" style=\"padding-right: 5px\">\n            \n\n<div class=\"kksr-icon\" style=\"width: 22px; height: 22px;\"><\/div>\n        <\/div>\n            <div class=\"kksr-star\" data-star=\"5\" style=\"padding-right: 5px\">\n            \n\n<div class=\"kksr-icon\" style=\"width: 22px; height: 22px;\"><\/div>\n        <\/div>\n    <\/div>\n    \n<div class=\"kksr-stars-active\" style=\"width: 132.5px;\">\n            <div class=\"kksr-star\" style=\"padding-right: 5px\">\n            \n\n<div class=\"kksr-icon\" style=\"width: 22px; height: 22px;\"><\/div>\n        <\/div>\n            <div class=\"kksr-star\" style=\"padding-right: 5px\">\n            \n\n<div class=\"kksr-icon\" style=\"width: 22px; height: 22px;\"><\/div>\n        <\/div>\n            <div class=\"kksr-star\" style=\"padding-right: 5px\">\n            \n\n<div class=\"kksr-icon\" style=\"width: 22px; height: 22px;\"><\/div>\n        <\/div>\n            <div class=\"kksr-star\" style=\"padding-right: 5px\">\n            \n\n<div class=\"kksr-icon\" style=\"width: 22px; height: 22px;\"><\/div>\n        <\/div>\n            <div class=\"kksr-star\" style=\"padding-right: 5px\">\n            \n\n<div class=\"kksr-icon\" style=\"width: 22px; height: 22px;\"><\/div>\n        <\/div>\n    <\/div>\n<\/div>\n        \n\n<div class=\"kksr-legend\" style=\"font-size: 17.6px;\">\n            5\/5 - (3 votes)    <\/div>\n<\/div>\n<\/section>","protected":false},"excerpt":{"rendered":"<p>[vc_row][vc_column width=&#8220;1\/1&#8243;][rev_slider_vc alias=&#8220;post&#8220;][\/vc_column][\/vc_row][vc_row top_padding=&#8220;30&#8243;][vc_column width=&#8220;1\/1&#8243;][\/vc_column][\/vc_row][vc_row type=&#8220;full_width_section&#8220; top_padding=&#8220;30&#8243;][vc_column width=&#8220;1\/1&#8243;][\/vc_column][\/vc_row][vc_row][vc_column width=&#8220;1\/1&#8243;][\/vc_column][\/vc_row][vc_row type=&#8220;full_width_section&#8220; top_padding=&#8220;30&#8243;][vc_column width=&#8220;1\/1&#8243;][\/vc_column][\/vc_row][vc_row][vc_column width=&#8220;1\/1&#8243;][\/vc_column][\/vc_row][vc_row][vc_column width=&#8220;1\/1&#8243;][\/vc_column][\/vc_row][vc_row][vc_column width=&#8220;1\/2&#8243;][\/vc_column][vc_column width=&#8220;1\/2&#8243;][\/vc_column][\/vc_row][vc_row top_padding=&#8220;40&#8243;][vc_column width=&#8220;1\/2&#8243;][\/vc_column][vc_column width=&#8220;1\/2&#8243;][\/vc_column][\/vc_row][vc_row type=&#8220;full_width_section&#8220; top_padding=&#8220;50&#8243;][vc_column width=&#8220;1\/1&#8243;][\/vc_column][\/vc_row][vc_row bottom_padding=&#8220;50&#8243;][vc_column width=&#8220;1\/1&#8243;][vc_column_text] [\/vc_column_text][\/vc_column][\/vc_row]<\/p>\n","protected":false},"author":1,"featured_media":0,"parent":0,"menu_order":0,"comment_status":"closed","ping_status":"closed","template":"","meta":[],"yoast_head":"<!-- This site is optimized with the Yoast SEO plugin v19.10 - https:\/\/yoast.com\/wordpress\/plugins\/seo\/ -->\n<title>Fahrrad XXL Blog - News aus der Fahrradwelt<\/title>\n<meta name=\"description\" content=\"Im Fahrrad XXL Blog gibt es interessante News zum Fahrrad &amp; E-Bike! Weitere Themen: Produkttests &amp; Nachhaltige Mobilit\u00e4t. \u27a4Jetzt entdecken!\" \/>\n<meta name=\"robots\" content=\"index, follow, max-snippet:-1, max-image-preview:large, max-video-preview:-1\" \/>\n<link rel=\"canonical\" href=\"https:\/\/www.fahrrad-xxl.de\/blog\/\" \/>\n<meta property=\"og:locale\" content=\"de_DE\" \/>\n<meta property=\"og:type\" content=\"article\" \/>\n<meta property=\"og:title\" content=\"Fahrrad XXL Blog - News aus der Fahrradwelt\" \/>\n<meta property=\"og:description\" content=\"Im Fahrrad XXL Blog gibt es interessante News zum Fahrrad &amp; E-Bike! Weitere Themen: Produkttests &amp; Nachhaltige Mobilit\u00e4t. \u27a4Jetzt entdecken!\" \/>\n<meta property=\"og:url\" content=\"https:\/\/www.fahrrad-xxl.de\/blog\/\" \/>\n<meta property=\"og:site_name\" content=\"Fahrrad XXL Blog\" \/>\n<meta property=\"article:publisher\" content=\"https:\/\/www.facebook.com\/FahrradXXL\" \/>\n<meta property=\"article:modified_time\" content=\"2026-03-30T12:26:38+00:00\" \/>\n<meta name=\"twitter:card\" content=\"summary_large_image\" \/>\n<meta name=\"twitter:label1\" content=\"Gesch\u00e4tzte Lesezeit\" \/>\n\t<meta name=\"twitter:data1\" content=\"2\u00a0Minuten\" \/>\n<script type=\"application\/ld+json\" class=\"yoast-schema-graph\">{\"@context\":\"https:\/\/schema.org\",\"@graph\":[{\"@type\":\"WebPage\",\"@id\":\"https:\/\/www.fahrrad-xxl.de\/blog\/\",\"url\":\"https:\/\/www.fahrrad-xxl.de\/blog\/\",\"name\":\"Fahrrad XXL Blog - News aus der Fahrradwelt\",\"isPartOf\":{\"@id\":\"https:\/\/www.fahrrad-xxl.de\/blog\/#website\"},\"datePublished\":\"2018-03-13T13:11:13+00:00\",\"dateModified\":\"2026-03-30T12:26:38+00:00\",\"description\":\"Im Fahrrad XXL Blog gibt es interessante News zum Fahrrad & E-Bike! Weitere Themen: Produkttests & Nachhaltige Mobilit\u00e4t. \u27a4Jetzt entdecken!\",\"breadcrumb\":{\"@id\":\"https:\/\/www.fahrrad-xxl.de\/blog\/#breadcrumb\"},\"inLanguage\":\"de\",\"potentialAction\":[{\"@type\":\"ReadAction\",\"target\":[\"https:\/\/www.fahrrad-xxl.de\/blog\/\"]}]},{\"@type\":\"BreadcrumbList\",\"@id\":\"https:\/\/www.fahrrad-xxl.de\/blog\/#breadcrumb\",\"itemListElement\":[{\"@type\":\"ListItem\",\"position\":1,\"name\":\"Startseite\",\"item\":\"https:\/\/www.fahrrad-xxl.de\/blog\/\"},{\"@type\":\"ListItem\",\"position\":2,\"name\":\"Startseite\"}]},{\"@type\":\"WebSite\",\"@id\":\"https:\/\/www.fahrrad-xxl.de\/blog\/#website\",\"url\":\"https:\/\/www.fahrrad-xxl.de\/blog\/\",\"name\":\"Fahrrad XXL Blog\",\"description\":\"Erleben | Testen | Losfahren\",\"publisher\":{\"@id\":\"https:\/\/www.fahrrad-xxl.de\/blog\/#organization\"},\"potentialAction\":[{\"@type\":\"SearchAction\",\"target\":{\"@type\":\"EntryPoint\",\"urlTemplate\":\"https:\/\/www.fahrrad-xxl.de\/blog\/?s={search_term_string}\"},\"query-input\":\"required name=search_term_string\"}],\"inLanguage\":\"de\"},{\"@type\":\"Organization\",\"@id\":\"https:\/\/www.fahrrad-xxl.de\/blog\/#organization\",\"name\":\"Fahrrad XXL\",\"url\":\"https:\/\/www.fahrrad-xxl.de\/blog\/\",\"logo\":{\"@type\":\"ImageObject\",\"inLanguage\":\"de\",\"@id\":\"https:\/\/www.fahrrad-xxl.de\/blog\/#\/schema\/logo\/image\/\",\"url\":\"https:\/\/www.fahrrad-xxl.de\/blog\/wp-content\/uploads\/2018\/03\/FXXL-Blog-Logo-100-c.png\",\"contentUrl\":\"https:\/\/www.fahrrad-xxl.de\/blog\/wp-content\/uploads\/2018\/03\/FXXL-Blog-Logo-100-c.png\",\"width\":450,\"height\":100,\"caption\":\"Fahrrad XXL\"},\"image\":{\"@id\":\"https:\/\/www.fahrrad-xxl.de\/blog\/#\/schema\/logo\/image\/\"},\"sameAs\":[\"https:\/\/www.instagram.com\/fahrradxxl\",\"https:\/\/www.youtube.com\/user\/FahrradXXLde\",\"https:\/\/www.tiktok.com\/@fahrrad_xxl\",\"https:\/\/www.facebook.com\/FahrradXXL\"]}]}<\/script>\n<!-- \/ Yoast SEO plugin. -->","yoast_head_json":{"title":"Fahrrad XXL Blog - News aus der Fahrradwelt","description":"Im Fahrrad XXL Blog gibt es interessante News zum Fahrrad & E-Bike! Weitere Themen: Produkttests & Nachhaltige Mobilit\u00e4t. \u27a4Jetzt entdecken!","robots":{"index":"index","follow":"follow","max-snippet":"max-snippet:-1","max-image-preview":"max-image-preview:large","max-video-preview":"max-video-preview:-1"},"canonical":"https:\/\/www.fahrrad-xxl.de\/blog\/","og_locale":"de_DE","og_type":"article","og_title":"Fahrrad XXL Blog - News aus der Fahrradwelt","og_description":"Im Fahrrad XXL Blog gibt es interessante News zum Fahrrad & E-Bike! Weitere Themen: Produkttests & Nachhaltige Mobilit\u00e4t. \u27a4Jetzt entdecken!","og_url":"https:\/\/www.fahrrad-xxl.de\/blog\/","og_site_name":"Fahrrad XXL Blog","article_publisher":"https:\/\/www.facebook.com\/FahrradXXL","article_modified_time":"2026-03-30T12:26:38+00:00","twitter_card":"summary_large_image","twitter_misc":{"Gesch\u00e4tzte Lesezeit":"2\u00a0Minuten"},"schema":{"@context":"https:\/\/schema.org","@graph":[{"@type":"WebPage","@id":"https:\/\/www.fahrrad-xxl.de\/blog\/","url":"https:\/\/www.fahrrad-xxl.de\/blog\/","name":"Fahrrad XXL Blog - News aus der Fahrradwelt","isPartOf":{"@id":"https:\/\/www.fahrrad-xxl.de\/blog\/#website"},"datePublished":"2018-03-13T13:11:13+00:00","dateModified":"2026-03-30T12:26:38+00:00","description":"Im Fahrrad XXL Blog gibt es interessante News zum Fahrrad & E-Bike! Weitere Themen: Produkttests & Nachhaltige Mobilit\u00e4t. \u27a4Jetzt entdecken!","breadcrumb":{"@id":"https:\/\/www.fahrrad-xxl.de\/blog\/#breadcrumb"},"inLanguage":"de","potentialAction":[{"@type":"ReadAction","target":["https:\/\/www.fahrrad-xxl.de\/blog\/"]}]},{"@type":"BreadcrumbList","@id":"https:\/\/www.fahrrad-xxl.de\/blog\/#breadcrumb","itemListElement":[{"@type":"ListItem","position":1,"name":"Startseite","item":"https:\/\/www.fahrrad-xxl.de\/blog\/"},{"@type":"ListItem","position":2,"name":"Startseite"}]},{"@type":"WebSite","@id":"https:\/\/www.fahrrad-xxl.de\/blog\/#website","url":"https:\/\/www.fahrrad-xxl.de\/blog\/","name":"Fahrrad XXL Blog","description":"Erleben | Testen | Losfahren","publisher":{"@id":"https:\/\/www.fahrrad-xxl.de\/blog\/#organization"},"potentialAction":[{"@type":"SearchAction","target":{"@type":"EntryPoint","urlTemplate":"https:\/\/www.fahrrad-xxl.de\/blog\/?s={search_term_string}"},"query-input":"required name=search_term_string"}],"inLanguage":"de"},{"@type":"Organization","@id":"https:\/\/www.fahrrad-xxl.de\/blog\/#organization","name":"Fahrrad XXL","url":"https:\/\/www.fahrrad-xxl.de\/blog\/","logo":{"@type":"ImageObject","inLanguage":"de","@id":"https:\/\/www.fahrrad-xxl.de\/blog\/#\/schema\/logo\/image\/","url":"https:\/\/www.fahrrad-xxl.de\/blog\/wp-content\/uploads\/2018\/03\/FXXL-Blog-Logo-100-c.png","contentUrl":"https:\/\/www.fahrrad-xxl.de\/blog\/wp-content\/uploads\/2018\/03\/FXXL-Blog-Logo-100-c.png","width":450,"height":100,"caption":"Fahrrad XXL"},"image":{"@id":"https:\/\/www.fahrrad-xxl.de\/blog\/#\/schema\/logo\/image\/"},"sameAs":["https:\/\/www.instagram.com\/fahrradxxl","https:\/\/www.youtube.com\/user\/FahrradXXLde","https:\/\/www.tiktok.com\/@fahrrad_xxl","https:\/\/www.facebook.com\/FahrradXXL"]}]}},"_links":{"self":[{"href":"https:\/\/www.fahrrad-xxl.de\/blog\/wp-json\/wp\/v2\/pages\/15408"}],"collection":[{"href":"https:\/\/www.fahrrad-xxl.de\/blog\/wp-json\/wp\/v2\/pages"}],"about":[{"href":"https:\/\/www.fahrrad-xxl.de\/blog\/wp-json\/wp\/v2\/types\/page"}],"author":[{"embeddable":true,"href":"https:\/\/www.fahrrad-xxl.de\/blog\/wp-json\/wp\/v2\/users\/1"}],"replies":[{"embeddable":true,"href":"https:\/\/www.fahrrad-xxl.de\/blog\/wp-json\/wp\/v2\/comments?post=15408"}],"version-history":[{"count":1,"href":"https:\/\/www.fahrrad-xxl.de\/blog\/wp-json\/wp\/v2\/pages\/15408\/revisions"}],"predecessor-version":[{"id":34037,"href":"https:\/\/www.fahrrad-xxl.de\/blog\/wp-json\/wp\/v2\/pages\/15408\/revisions\/34037"}],"wp:attachment":[{"href":"https:\/\/www.fahrrad-xxl.de\/blog\/wp-json\/wp\/v2\/media?parent=15408"}],"curies":[{"name":"wp","href":"https:\/\/api.w.org\/{rel}","templated":true}]}}